{"id":10312,"date":"2022-04-12T08:21:51","date_gmt":"2022-04-12T14:21:51","guid":{"rendered":"https:\/\/www.unaq.edu.mx\/?page_id=10312"},"modified":"2022-04-12T08:32:23","modified_gmt":"2022-04-12T14:32:23","slug":"2014-2","status":"publish","type":"page","link":"https:\/\/www.unaq.edu.mx\/en\/nosotros\/historia-de-la-unaq\/2014-2\/","title":{"rendered":"Nuestra Historia &#8211; 2014"},"content":{"rendered":"<div data-elementor-type=\"wp-page\" data-elementor-id=\"10312\" class=\"elementor elementor-10312\" data-elementor-post-type=\"page\">\n\t\t\t\t\t\t<section class=\"elementor-section elementor-top-section elementor-element elementor-element-5615e6c elementor-section-boxed elementor-section-height-default elementor-section-height-default\" data-id=\"5615e6c\" data-element_type=\"section\" data-e-type=\"section\" data-settings=\"{&quot;ekit_has_onepagescroll_dot&quot;:&quot;yes&quot;}\">\n\t\t\t\t\t\t<div class=\"elementor-container elementor-column-gap-default\">\n\t\t\t\t\t<div class=\"elementor-column elementor-col-100 elementor-top-column elementor-element elementor-element-8f774de\" data-id=\"8f774de\" data-element_type=\"column\" data-e-type=\"column\">\n\t\t\t<div class=\"elementor-widget-wrap elementor-element-populated\">\n\t\t\t\t\t\t<div class=\"elementor-element elementor-element-c9f1a24 elementor-widget elementor-widget-heading\" data-id=\"c9f1a24\" data-element_type=\"widget\" data-e-type=\"widget\" data-settings=\"{&quot;ekit_we_effect_on&quot;:&quot;none&quot;}\" data-widget_type=\"heading.default\">\n\t\t\t\t<div class=\"elementor-widget-container\">\n\t\t\t\t\t<h2 class=\"elementor-heading-title elementor-size-default\">Our History - 2014<\/h2>\t\t\t\t<\/div>\n\t\t\t\t<\/div>\n\t\t\t\t<div class=\"elementor-element elementor-element-cc17eaa elementor-widget elementor-widget-text-editor\" data-id=\"cc17eaa\" data-element_type=\"widget\" data-e-type=\"widget\" data-settings=\"{&quot;ekit_we_effect_on&quot;:&quot;none&quot;}\" data-widget_type=\"text-editor.default\">\n\t\t\t\t<div class=\"elementor-widget-container\">\n\t\t\t\t\t\t\t\t\t<figure id=\"attachment_10315\" aria-describedby=\"caption-attachment-10315\" style=\"width: 300px\" class=\"wp-caption alignright\"><img fetchpriority=\"high\" decoding=\"async\" class=\"wp-image-10315 size-medium\" src=\"https:\/\/www.unaq.edu.mx\/wp-content\/uploads\/EstudiantesUNAQ-300x225.jpg\" alt=\"\" width=\"300\" height=\"225\" srcset=\"https:\/\/www.unaq.edu.mx\/wp-content\/uploads\/EstudiantesUNAQ-300x225.jpg 300w, https:\/\/www.unaq.edu.mx\/wp-content\/uploads\/EstudiantesUNAQ-16x12.jpg 16w, https:\/\/www.unaq.edu.mx\/wp-content\/uploads\/EstudiantesUNAQ.jpg 768w\" sizes=\"(max-width: 300px) 100vw, 300px\" \/><figcaption id=\"caption-attachment-10315\" class=\"wp-caption-text\">UNAQ Students<\/figcaption><\/figure><p style=\"text-align: justify;\">At the end of 2014, UNAQ had a 30.9% increase in enrollment, reaching 1140 students, 418 from TSU, 681 from Engineering and 41 from Postgraduate.<\/p><p style=\"text-align: justify;\">The State\u2019s Governor, Jos\u00e9 Calzada Rovirosa, begins the \"Factory of Ideas 2.0\" program at our university, which aims to generate different ideas and proposals that encourage youth participation in both the state and the country. It also promotes economic development through the granting of support to projects that seek the development of micro, small and medium enterprises.<\/p><p style=\"text-align: justify;\">The \u201cAeroconference\u201d cycle of conferences is held, which in 2014 had the participation of graduates of UNAQ, and workers of the Global Composites Manufacturing company.<\/p><p style=\"text-align: justify;\">Under the 7th anniversary, the 4th edition of the Carrera UNAQ was held, in which over 1,100 runners participated, plus the UNAQ\u2019s official mascot, the Dragon, was presented. The institutional Flag escort by TSU students was also presented for the first time.<\/p><p style=\"text-align: justify;\">The DHL Express - CANACINTRA award was once again awarded to outstanding students of TSU and Engineering, who traveled to the DHL Express Facilities in Cincinnati, Ohio, USA. And to the HUB facilities in Leipzig, Germany, with all expenses paid; In addition to the job training category, a cash prize was awarded to five outstanding students, with the purpose of encouraging them in their performance in the aerospace industry.<\/p><p style=\"text-align: justify;\">In July this year, the students Oc\u00e9ane Ariane Huerta Thomas and Juan Carlos Cruz Fletes, of the TSU program in Avionics, were granted the MEXPROTEC scholarship, which consists of a one-year stay in France, where they obtain the Aerospace Design and Manufacturing License and Aerospace Maintenance License.<\/p><p style=\"text-align: justify;\">In the same way, students and professors participated in the Project Mobility Program 100,000, which consists of making a one-month academic stay in universities in The United States with the purpose of reinforcing the English language.<\/p><p style=\"text-align: justify;\">In 2014, Engineering students: Roxana Ram\u00edrez P\u00e9rez, Jos\u00e9 Pablo L\u00f3pez Aguado and Jes\u00fas Alejandro L\u00f3pez Garc\u00e9s were selected to obtain a scholarship granted by CONACYT to study for a semester at the University of West Virginia in The United States.<\/p><figure id=\"attachment_10316\" aria-describedby=\"caption-attachment-10316\" style=\"width: 300px\" class=\"wp-caption alignright\"><img decoding=\"async\" class=\"wp-image-10316 size-medium\" src=\"https:\/\/www.unaq.edu.mx\/wp-content\/uploads\/EstudiantesViajaronEuropa-300x225.jpg\" alt=\"\" width=\"300\" height=\"225\" srcset=\"https:\/\/www.unaq.edu.mx\/wp-content\/uploads\/EstudiantesViajaronEuropa-300x225.jpg 300w, https:\/\/www.unaq.edu.mx\/wp-content\/uploads\/EstudiantesViajaronEuropa-16x12.jpg 16w, https:\/\/www.unaq.edu.mx\/wp-content\/uploads\/EstudiantesViajaronEuropa.jpg 768w\" sizes=\"(max-width: 300px) 100vw, 300px\" \/><figcaption id=\"caption-attachment-10316\" class=\"wp-caption-text\">Students who traveled to Europe<\/figcaption><\/figure><p style=\"text-align: justify;\">Students of the Aeronautical Engineering in Manufacturing (IAM) major carry out the First UNAQ Plastic Expo 2014, which consists of integrating the different knowledge acquired in the areas of Devices and Mechanisms, Production Management and Quality Tools, aiming for the manufacture and validation of parts made by plastic manufacturing processes.<\/p><p style=\"text-align: justify;\">The internal sports tournaments were held and at the closing ceremony, Marco Jim\u00e9nez and Ra\u00fal Rico, players of the Gallos Blancos de Quer\u00e9taro Team gave the winners the corresponding awards along with UNAQ authorities.<\/p><p style=\"text-align: justify;\">At the end of 2014, 565 technicians were trained. This figure represents an increase of 58% compared to the end of the previous year.<\/p><p style=\"text-align: justify;\">2014 marked the consolidation of the Postgraduate level, by granting society to seven new Masters in Aerospace Engineering, who proudly represent the first generation graduated from this educational level.<\/p><p style=\"text-align: justify;\">This year we had a visit from:<\/p><ul style=\"text-align: justify;\"><li>The ambassadors of France and China<\/li><li>Young Diplomats Forum.<\/li><li>Co-creator of the VUHL sports vehicle.<\/li><li>Companies from the United Kingdom.<\/li><li>Entrepreneurs participating in the Mexico Aerospace Summit.<\/li><li>Businessmen of Boeing, of the International Academy of Aviation and Space Medicine.<\/li><li>PhD Students and professors in technological management and innovation of UAQ\u2019s Faculty of Accounting and Administration.<\/li><li>The Chamber of Commerce of Costa Rica.<\/li><\/ul><p style=\"text-align: justify;\">UNAQ hosted the \"Enzo Levi 2014\" International Seminar.<\/p><p style=\"text-align: justify;\">The Mexican Space Agency Conference was held here.<\/p><figure id=\"attachment_10247\" aria-describedby=\"caption-attachment-10247\" style=\"width: 300px\" class=\"wp-caption alignright\"><img decoding=\"async\" class=\"wp-image-10247 size-medium\" src=\"https:\/\/www.unaq.edu.mx\/wp-content\/uploads\/Nuestra_Historia_2014-300x225.jpg\" alt=\"\" width=\"300\" height=\"225\" srcset=\"https:\/\/www.unaq.edu.mx\/wp-content\/uploads\/Nuestra_Historia_2014-300x225.jpg 300w, https:\/\/www.unaq.edu.mx\/wp-content\/uploads\/Nuestra_Historia_2014-768x576.jpg 768w, https:\/\/www.unaq.edu.mx\/wp-content\/uploads\/Nuestra_Historia_2014-16x12.jpg 16w, https:\/\/www.unaq.edu.mx\/wp-content\/uploads\/Nuestra_Historia_2014.jpg 800w\" sizes=\"(max-width: 300px) 100vw, 300px\" \/><figcaption id=\"caption-attachment-10247\" class=\"wp-caption-text\">Inauguration of the French-Mexican Campus<\/figcaption><\/figure><p style=\"text-align: justify;\">As part of his state visit, the president of France, Francois Hollande, together with the president of M\u00e9xico, Enrique Pe\u00f1a Nieto and the governor, Jos\u00e9 Calzada Rovirosa, inaugurated the French-Mexican Aeronautical Formation Campus, located inside the UNAQ.<\/p><p style=\"text-align: justify;\">In 2014, the construction of the Aeronautical Teaching Laboratory (Hangar) began. This Aeronautical Aircraft Maintenance Workshop aims to be a starting point in practical work for students and teachers of this institution.<\/p><p style=\"text-align: justify;\">Also this year the work for the areas destined for the physical conditioning of the university community was completed, with a 4-circuit tartan track of 200, 300, 400 and 800 linear meters respectively, and a straight 250-linear-meter track.<\/p><p style=\"text-align: justify;\">Construction of the SITE, a 447-m2 area, begins.<\/p><p style=\"text-align: justify;\">In 2014 UNAQ started the project to certify the processes of the Integral Management System (GIS) under the ISO 9001: 2008 standard, the scope of the project was to obtain the certification of educational services for training at the TSU Level, Engineering and Continuing Education, in the Aeronautical and related Sectors.<\/p><p style=\"text-align: justify;\">UNAQ was donated a JT8D-7B Turbine Engine by DHL Express.<\/p>\t\t\t\t\t\t\t\t<\/div>\n\t\t\t\t<\/div>\n\t\t\t\t\t<\/div>\n\t\t<\/div>\n\t\t\t\t\t<\/div>\n\t\t<\/section>\n\t\t\t\t<\/div>","protected":false},"excerpt":{"rendered":"<p>Nuestra Historia &#8211; 2014 Al cierre de 2014, la UNAQ tuvo un incremento en su matr\u00edcula del 30.9%, llegando a 1140 alumnos, 418 de TSU, 681 de Ingenier\u00eda y 41 de Posgrado. El Gobernador del Estado, Jos\u00e9 Calzada Rovirosa, da inicio el Programa \u201cF\u00e1brica de Ideas 2.0\u201d, en nuestra universidad, cuyo objetivo es generar diversas [&hellip;]<\/p>\n","protected":false},"author":1,"featured_media":0,"parent":9305,"menu_order":0,"comment_status":"closed","ping_status":"closed","template":"elementor_header_footer","meta":{"footnotes":""},"class_list":["post-10312","page","type-page","status-publish","hentry"],"yoast_head":"<!-- This site is optimized with the Yoast SEO plugin v27.4 - https:\/\/yoast.com\/product\/yoast-seo-wordpress\/ -->\n<title>Nuestra Historia - 2014 - UNAQ - Universidad Aeron&aacute;utica en Quer&eacute;taro<\/title>\n<meta name=\"robots\" content=\"index, follow, max-snippet:-1, max-image-preview:large, max-video-preview:-1\" \/>\n<link rel=\"canonical\" href=\"https:\/\/www.unaq.edu.mx\/en\/nosotros\/historia-de-la-unaq\/2014-2\/\" \/>\n<meta property=\"og:locale\" content=\"en_US\" \/>\n<meta property=\"og:type\" content=\"article\" \/>\n<meta property=\"og:title\" content=\"Nuestra Historia - 2014 - UNAQ - Universidad Aeron&aacute;utica en Quer&eacute;taro\" \/>\n<meta property=\"og:description\" content=\"Nuestra Historia &#8211; 2014 Al cierre de 2014, la UNAQ tuvo un incremento en su matr\u00edcula del 30.9%, llegando a 1140 alumnos, 418 de TSU, 681 de Ingenier\u00eda y 41 de Posgrado. El Gobernador del Estado, Jos\u00e9 Calzada Rovirosa, da inicio el Programa \u201cF\u00e1brica de Ideas 2.0\u201d, en nuestra universidad, cuyo objetivo es generar diversas [&hellip;]\" \/>\n<meta property=\"og:url\" content=\"https:\/\/www.unaq.edu.mx\/en\/nosotros\/historia-de-la-unaq\/2014-2\/\" \/>\n<meta property=\"og:site_name\" content=\"UNAQ - Universidad Aeron&aacute;utica en Quer&eacute;taro\" \/>\n<meta property=\"article:publisher\" content=\"https:\/\/www.facebook.com\/UNAQMX\/\" \/>\n<meta property=\"article:modified_time\" content=\"2022-04-12T14:32:23+00:00\" \/>\n<meta property=\"og:image\" content=\"https:\/\/www.unaq.edu.mx\/wp-content\/uploads\/EstudiantesUNAQ-300x225.jpg\" \/>\n<meta name=\"twitter:card\" content=\"summary_large_image\" \/>\n<meta name=\"twitter:site\" content=\"@UNAQmx\" \/>\n<meta name=\"twitter:label1\" content=\"Est. reading time\" \/>\n\t<meta name=\"twitter:data1\" content=\"5 minutes\" \/>\n<script type=\"application\/ld+json\" class=\"yoast-schema-graph\">{\"@context\":\"https:\\\/\\\/schema.org\",\"@graph\":[{\"@type\":\"WebPage\",\"@id\":\"https:\\\/\\\/www.unaq.edu.mx\\\/nosotros\\\/historia-de-la-unaq\\\/2014-2\\\/\",\"url\":\"https:\\\/\\\/www.unaq.edu.mx\\\/nosotros\\\/historia-de-la-unaq\\\/2014-2\\\/\",\"name\":\"Nuestra Historia - 2014 - UNAQ - Universidad Aeron&aacute;utica en Quer&eacute;taro\",\"isPartOf\":{\"@id\":\"https:\\\/\\\/www.unaq.edu.mx\\\/#website\"},\"primaryImageOfPage\":{\"@id\":\"https:\\\/\\\/www.unaq.edu.mx\\\/nosotros\\\/historia-de-la-unaq\\\/2014-2\\\/#primaryimage\"},\"image\":{\"@id\":\"https:\\\/\\\/www.unaq.edu.mx\\\/nosotros\\\/historia-de-la-unaq\\\/2014-2\\\/#primaryimage\"},\"thumbnailUrl\":\"https:\\\/\\\/www.unaq.edu.mx\\\/wp-content\\\/uploads\\\/EstudiantesUNAQ-300x225.jpg\",\"datePublished\":\"2022-04-12T14:21:51+00:00\",\"dateModified\":\"2022-04-12T14:32:23+00:00\",\"breadcrumb\":{\"@id\":\"https:\\\/\\\/www.unaq.edu.mx\\\/nosotros\\\/historia-de-la-unaq\\\/2014-2\\\/#breadcrumb\"},\"inLanguage\":\"en-US\",\"potentialAction\":[{\"@type\":\"ReadAction\",\"target\":[\"https:\\\/\\\/www.unaq.edu.mx\\\/nosotros\\\/historia-de-la-unaq\\\/2014-2\\\/\"]}]},{\"@type\":\"ImageObject\",\"inLanguage\":\"en-US\",\"@id\":\"https:\\\/\\\/www.unaq.edu.mx\\\/nosotros\\\/historia-de-la-unaq\\\/2014-2\\\/#primaryimage\",\"url\":\"https:\\\/\\\/www.unaq.edu.mx\\\/wp-content\\\/uploads\\\/EstudiantesUNAQ-300x225.jpg\",\"contentUrl\":\"https:\\\/\\\/www.unaq.edu.mx\\\/wp-content\\\/uploads\\\/EstudiantesUNAQ-300x225.jpg\"},{\"@type\":\"BreadcrumbList\",\"@id\":\"https:\\\/\\\/www.unaq.edu.mx\\\/nosotros\\\/historia-de-la-unaq\\\/2014-2\\\/#breadcrumb\",\"itemListElement\":[{\"@type\":\"ListItem\",\"position\":1,\"name\":\"Portada\",\"item\":\"https:\\\/\\\/www.unaq.edu.mx\\\/\"},{\"@type\":\"ListItem\",\"position\":2,\"name\":\"Nosotros\",\"item\":\"https:\\\/\\\/www.unaq.edu.mx\\\/nosotros\\\/\"},{\"@type\":\"ListItem\",\"position\":3,\"name\":\"Historia de la UNAQ\",\"item\":\"https:\\\/\\\/www.unaq.edu.mx\\\/nosotros\\\/historia-de-la-unaq\\\/\"},{\"@type\":\"ListItem\",\"position\":4,\"name\":\"Nuestra Historia &#8211; 2014\"}]},{\"@type\":\"WebSite\",\"@id\":\"https:\\\/\\\/www.unaq.edu.mx\\\/#website\",\"url\":\"https:\\\/\\\/www.unaq.edu.mx\\\/\",\"name\":\"UNAQ - Universidad Aeron&aacute;utica en Quer&eacute;taro\",\"description\":\"Formamos profesionales e investigadores para el sector aeron&aacute;utico, con valores, conocimientos, competencias y reconocimiento nacional e internacional, basado en un modelo educativo abierto, flexible, pertinente y estrechamente vinculado, para el desarrollo social, econ&oacute;mico y cultural de M&eacute;xico.\",\"publisher\":{\"@id\":\"https:\\\/\\\/www.unaq.edu.mx\\\/#organization\"},\"potentialAction\":[{\"@type\":\"SearchAction\",\"target\":{\"@type\":\"EntryPoint\",\"urlTemplate\":\"https:\\\/\\\/www.unaq.edu.mx\\\/?s={search_term_string}\"},\"query-input\":{\"@type\":\"PropertyValueSpecification\",\"valueRequired\":true,\"valueName\":\"search_term_string\"}}],\"inLanguage\":\"en-US\"},{\"@type\":\"Organization\",\"@id\":\"https:\\\/\\\/www.unaq.edu.mx\\\/#organization\",\"name\":\"Universidad Aeron\u00e1utica en Quer\u00e9taro\",\"url\":\"https:\\\/\\\/www.unaq.edu.mx\\\/\",\"logo\":{\"@type\":\"ImageObject\",\"inLanguage\":\"en-US\",\"@id\":\"https:\\\/\\\/www.unaq.edu.mx\\\/#\\\/schema\\\/logo\\\/image\\\/\",\"url\":\"https:\\\/\\\/www.unaq.edu.mx\\\/wp-content\\\/uploads\\\/2022\\\/04\\\/Logo_UNAQ.png\",\"contentUrl\":\"https:\\\/\\\/www.unaq.edu.mx\\\/wp-content\\\/uploads\\\/2022\\\/04\\\/Logo_UNAQ.png\",\"width\":648,\"height\":284,\"caption\":\"Universidad Aeron\u00e1utica en Quer\u00e9taro\"},\"image\":{\"@id\":\"https:\\\/\\\/www.unaq.edu.mx\\\/#\\\/schema\\\/logo\\\/image\\\/\"},\"sameAs\":[\"https:\\\/\\\/www.facebook.com\\\/UNAQMX\\\/\",\"https:\\\/\\\/x.com\\\/UNAQmx\",\"https:\\\/\\\/www.linkedin.com\\\/company\\\/unaq\",\"https:\\\/\\\/www.youtube.com\\\/user\\\/UNAQMX\"]}]}<\/script>\n<!-- \/ Yoast SEO plugin. -->","yoast_head_json":{"title":"Nuestra Historia - 2014 - UNAQ - Universidad Aeron&aacute;utica en Quer&eacute;taro","robots":{"index":"index","follow":"follow","max-snippet":"max-snippet:-1","max-image-preview":"max-image-preview:large","max-video-preview":"max-video-preview:-1"},"canonical":"https:\/\/www.unaq.edu.mx\/en\/nosotros\/historia-de-la-unaq\/2014-2\/","og_locale":"en_US","og_type":"article","og_title":"Nuestra Historia - 2014 - UNAQ - Universidad Aeron&aacute;utica en Quer&eacute;taro","og_description":"Nuestra Historia &#8211; 2014 Al cierre de 2014, la UNAQ tuvo un incremento en su matr\u00edcula del 30.9%, llegando a 1140 alumnos, 418 de TSU, 681 de Ingenier\u00eda y 41 de Posgrado. El Gobernador del Estado, Jos\u00e9 Calzada Rovirosa, da inicio el Programa \u201cF\u00e1brica de Ideas 2.0\u201d, en nuestra universidad, cuyo objetivo es generar diversas [&hellip;]","og_url":"https:\/\/www.unaq.edu.mx\/en\/nosotros\/historia-de-la-unaq\/2014-2\/","og_site_name":"UNAQ - Universidad Aeron&aacute;utica en Quer&eacute;taro","article_publisher":"https:\/\/www.facebook.com\/UNAQMX\/","article_modified_time":"2022-04-12T14:32:23+00:00","og_image":[{"url":"https:\/\/www.unaq.edu.mx\/wp-content\/uploads\/EstudiantesUNAQ-300x225.jpg","type":"","width":"","height":""}],"twitter_card":"summary_large_image","twitter_site":"@UNAQmx","twitter_misc":{"Est. reading time":"5 minutes"},"schema":{"@context":"https:\/\/schema.org","@graph":[{"@type":"WebPage","@id":"https:\/\/www.unaq.edu.mx\/nosotros\/historia-de-la-unaq\/2014-2\/","url":"https:\/\/www.unaq.edu.mx\/nosotros\/historia-de-la-unaq\/2014-2\/","name":"Nuestra Historia - 2014 - UNAQ - Universidad Aeron&aacute;utica en Quer&eacute;taro","isPartOf":{"@id":"https:\/\/www.unaq.edu.mx\/#website"},"primaryImageOfPage":{"@id":"https:\/\/www.unaq.edu.mx\/nosotros\/historia-de-la-unaq\/2014-2\/#primaryimage"},"image":{"@id":"https:\/\/www.unaq.edu.mx\/nosotros\/historia-de-la-unaq\/2014-2\/#primaryimage"},"thumbnailUrl":"https:\/\/www.unaq.edu.mx\/wp-content\/uploads\/EstudiantesUNAQ-300x225.jpg","datePublished":"2022-04-12T14:21:51+00:00","dateModified":"2022-04-12T14:32:23+00:00","breadcrumb":{"@id":"https:\/\/www.unaq.edu.mx\/nosotros\/historia-de-la-unaq\/2014-2\/#breadcrumb"},"inLanguage":"en-US","potentialAction":[{"@type":"ReadAction","target":["https:\/\/www.unaq.edu.mx\/nosotros\/historia-de-la-unaq\/2014-2\/"]}]},{"@type":"ImageObject","inLanguage":"en-US","@id":"https:\/\/www.unaq.edu.mx\/nosotros\/historia-de-la-unaq\/2014-2\/#primaryimage","url":"https:\/\/www.unaq.edu.mx\/wp-content\/uploads\/EstudiantesUNAQ-300x225.jpg","contentUrl":"https:\/\/www.unaq.edu.mx\/wp-content\/uploads\/EstudiantesUNAQ-300x225.jpg"},{"@type":"BreadcrumbList","@id":"https:\/\/www.unaq.edu.mx\/nosotros\/historia-de-la-unaq\/2014-2\/#breadcrumb","itemListElement":[{"@type":"ListItem","position":1,"name":"Portada","item":"https:\/\/www.unaq.edu.mx\/"},{"@type":"ListItem","position":2,"name":"Nosotros","item":"https:\/\/www.unaq.edu.mx\/nosotros\/"},{"@type":"ListItem","position":3,"name":"Historia de la UNAQ","item":"https:\/\/www.unaq.edu.mx\/nosotros\/historia-de-la-unaq\/"},{"@type":"ListItem","position":4,"name":"Nuestra Historia &#8211; 2014"}]},{"@type":"WebSite","@id":"https:\/\/www.unaq.edu.mx\/#website","url":"https:\/\/www.unaq.edu.mx\/","name":"UNAQ - Universidad Aeron&aacute;utica en Quer&eacute;taro","description":"Formamos profesionales e investigadores para el sector aeron&aacute;utico, con valores, conocimientos, competencias y reconocimiento nacional e internacional, basado en un modelo educativo abierto, flexible, pertinente y estrechamente vinculado, para el desarrollo social, econ&oacute;mico y cultural de M&eacute;xico.","publisher":{"@id":"https:\/\/www.unaq.edu.mx\/#organization"},"potentialAction":[{"@type":"SearchAction","target":{"@type":"EntryPoint","urlTemplate":"https:\/\/www.unaq.edu.mx\/?s={search_term_string}"},"query-input":{"@type":"PropertyValueSpecification","valueRequired":true,"valueName":"search_term_string"}}],"inLanguage":"en-US"},{"@type":"Organization","@id":"https:\/\/www.unaq.edu.mx\/#organization","name":"Universidad Aeron\u00e1utica en Quer\u00e9taro","url":"https:\/\/www.unaq.edu.mx\/","logo":{"@type":"ImageObject","inLanguage":"en-US","@id":"https:\/\/www.unaq.edu.mx\/#\/schema\/logo\/image\/","url":"https:\/\/www.unaq.edu.mx\/wp-content\/uploads\/2022\/04\/Logo_UNAQ.png","contentUrl":"https:\/\/www.unaq.edu.mx\/wp-content\/uploads\/2022\/04\/Logo_UNAQ.png","width":648,"height":284,"caption":"Universidad Aeron\u00e1utica en Quer\u00e9taro"},"image":{"@id":"https:\/\/www.unaq.edu.mx\/#\/schema\/logo\/image\/"},"sameAs":["https:\/\/www.facebook.com\/UNAQMX\/","https:\/\/x.com\/UNAQmx","https:\/\/www.linkedin.com\/company\/unaq","https:\/\/www.youtube.com\/user\/UNAQMX"]}]}},"_links":{"self":[{"href":"https:\/\/www.unaq.edu.mx\/en\/wp-json\/wp\/v2\/pages\/10312","targetHints":{"allow":["GET"]}}],"collection":[{"href":"https:\/\/www.unaq.edu.mx\/en\/wp-json\/wp\/v2\/pages"}],"about":[{"href":"https:\/\/www.unaq.edu.mx\/en\/wp-json\/wp\/v2\/types\/page"}],"author":[{"embeddable":true,"href":"https:\/\/www.unaq.edu.mx\/en\/wp-json\/wp\/v2\/users\/1"}],"replies":[{"embeddable":true,"href":"https:\/\/www.unaq.edu.mx\/en\/wp-json\/wp\/v2\/comments?post=10312"}],"version-history":[{"count":7,"href":"https:\/\/www.unaq.edu.mx\/en\/wp-json\/wp\/v2\/pages\/10312\/revisions"}],"predecessor-version":[{"id":10322,"href":"https:\/\/www.unaq.edu.mx\/en\/wp-json\/wp\/v2\/pages\/10312\/revisions\/10322"}],"up":[{"embeddable":true,"href":"https:\/\/www.unaq.edu.mx\/en\/wp-json\/wp\/v2\/pages\/9305"}],"wp:attachment":[{"href":"https:\/\/www.unaq.edu.mx\/en\/wp-json\/wp\/v2\/media?parent=10312"}],"curies":[{"name":"wp","href":"https:\/\/api.w.org\/{rel}","templated":true}]}}